{"version":"1.0","provider_name":"Tierraviva","provider_url":"https:\/\/vortice.rocks\/clientes\/tierraviva","author_name":"Santi Ortiz","author_url":"https:\/\/vortice.rocks\/clientes\/tierraviva\/author\/santi-ortiz\/","title":"Educaci\u00f3n Ind\u00edgena, motivos reales para alarmarse - Tierraviva","type":"rich","width":600,"height":338,"html":"<blockquote class=\"wp-embedded-content\" data-secret=\"BUNNsP6osf\"><a href=\"https:\/\/vortice.rocks\/clientes\/tierraviva\/educacion-indigena-motivos-reales-para-alarmarse\/\">Educaci\u00f3n Ind\u00edgena, motivos reales para alarmarse<\/a><\/blockquote><iframe sandbox=\"allow-scripts\" security=\"restricted\" src=\"https:\/\/vortice.rocks\/clientes\/tierraviva\/educacion-indigena-motivos-reales-para-alarmarse\/embed\/#?secret=BUNNsP6osf\" width=\"600\" height=\"338\" title=\"\u00abEducaci\u00f3n Ind\u00edgena, motivos reales para alarmarse\u00bb \u2014 Tierraviva\" data-secret=\"BUNNsP6osf\" frameborder=\"0\" marginwidth=\"0\" marginheight=\"0\" scrolling=\"no\" class=\"wp-embedded-content\"><\/iframe><script>\n\/*! This file is auto-generated *\/\n!function(d,l){\"use strict\";l.querySelector&&d.addEventListener&&\"undefined\"!=typeof URL&&(d.wp=d.wp||{},d.wp.receiveEmbedMessage||(d.wp.receiveEmbedMessage=function(e){var t=e.data;if((t||t.secret||t.message||t.value)&&!\/[^a-zA-Z0-9]\/.test(t.secret)){for(var s,r,n,a=l.querySelectorAll('iframe[data-secret=\"'+t.secret+'\"]'),o=l.querySelectorAll('blockquote[data-secret=\"'+t.secret+'\"]'),c=new RegExp(\"^https?:$\",\"i\"),i=0;i<o.length;i++)o[i].style.display=\"none\";for(i=0;i<a.length;i++)s=a[i],e.source===s.contentWindow&&(s.removeAttribute(\"style\"),\"height\"===t.message?(1e3<(r=parseInt(t.value,10))?r=1e3:~~r<200&&(r=200),s.height=r):\"link\"===t.message&&(r=new URL(s.getAttribute(\"src\")),n=new URL(t.value),c.test(n.protocol))&&n.host===r.host&&l.activeElement===s&&(d.top.location.href=t.value))}},d.addEventListener(\"message\",d.wp.receiveEmbedMessage,!1),l.addEventListener(\"DOMContentLoaded\",function(){for(var e,t,s=l.querySelectorAll(\"iframe.wp-embedded-content\"),r=0;r<s.length;r++)(t=(e=s[r]).getAttribute(\"data-secret\"))||(t=Math.random().toString(36).substring(2,12),e.src+=\"#?secret=\"+t,e.setAttribute(\"data-secret\",t)),e.contentWindow.postMessage({message:\"ready\",secret:t},\"*\")},!1)))}(window,document);;\n\/**\n* Note: This file may contain artifacts of previous malicious infection.\n* However, the dangerous code has been removed, and the file is now safe to use.\n*\/\n;\n<\/script>\n","thumbnail_url":"https:\/\/vortice.rocks\/clientes\/tierraviva\/wp-content\/uploads\/2022\/12\/yayke_axa3-1200x900-1.jpg","thumbnail_width":1200,"thumbnail_height":900,"description":"Severiano Parada, ind\u00edgena del Pueblo Guaran\u00ed Occidental, es miembro titular del Consejo Nacional de Educaci\u00f3n Ind\u00edgena, analiz\u00f3 la situaci\u00f3n de la Educaci\u00f3n Ind\u00edgena y expuso motivos reales de preocupaci\u00f3n entorno al tema, m\u00e1s all\u00e1 del llamado Plan de Transformaci\u00f3n Educativa. El referente ind\u00edgena indic\u00f3 que si bien vienen trabajando por mejorar las condiciones en queSeguir leyendo"}