{"version":"1.0","provider_name":"Tierraviva","provider_url":"https:\/\/vortice.rocks\/clientes\/tierraviva","author_name":"Santi Ortiz","author_url":"https:\/\/vortice.rocks\/clientes\/tierraviva\/author\/santi-ortiz\/","title":"L\u00edderes ind\u00edgenas denuncian invasi\u00f3n de sus territorios - Tierraviva","type":"rich","width":600,"height":338,"html":"<blockquote class=\"wp-embedded-content\" data-secret=\"M3YZzYZgVL\"><a href=\"https:\/\/vortice.rocks\/clientes\/tierraviva\/lideres-indigenas-denuncian-invasion-de-sus-territorios\/\">L\u00edderes ind\u00edgenas denuncian invasi\u00f3n de sus territorios<\/a><\/blockquote><iframe sandbox=\"allow-scripts\" security=\"restricted\" src=\"https:\/\/vortice.rocks\/clientes\/tierraviva\/lideres-indigenas-denuncian-invasion-de-sus-territorios\/embed\/#?secret=M3YZzYZgVL\" width=\"600\" height=\"338\" title=\"\u00abL\u00edderes ind\u00edgenas denuncian invasi\u00f3n de sus territorios\u00bb \u2014 Tierraviva\" data-secret=\"M3YZzYZgVL\" frameborder=\"0\" marginwidth=\"0\" marginheight=\"0\" scrolling=\"no\" class=\"wp-embedded-content\"><\/iframe><script>\n\/*! This file is auto-generated *\/\n!function(d,l){\"use strict\";l.querySelector&&d.addEventListener&&\"undefined\"!=typeof URL&&(d.wp=d.wp||{},d.wp.receiveEmbedMessage||(d.wp.receiveEmbedMessage=function(e){var t=e.data;if((t||t.secret||t.message||t.value)&&!\/[^a-zA-Z0-9]\/.test(t.secret)){for(var s,r,n,a=l.querySelectorAll('iframe[data-secret=\"'+t.secret+'\"]'),o=l.querySelectorAll('blockquote[data-secret=\"'+t.secret+'\"]'),c=new RegExp(\"^https?:$\",\"i\"),i=0;i<o.length;i++)o[i].style.display=\"none\";for(i=0;i<a.length;i++)s=a[i],e.source===s.contentWindow&&(s.removeAttribute(\"style\"),\"height\"===t.message?(1e3<(r=parseInt(t.value,10))?r=1e3:~~r<200&&(r=200),s.height=r):\"link\"===t.message&&(r=new URL(s.getAttribute(\"src\")),n=new URL(t.value),c.test(n.protocol))&&n.host===r.host&&l.activeElement===s&&(d.top.location.href=t.value))}},d.addEventListener(\"message\",d.wp.receiveEmbedMessage,!1),l.addEventListener(\"DOMContentLoaded\",function(){for(var e,t,s=l.querySelectorAll(\"iframe.wp-embedded-content\"),r=0;r<s.length;r++)(t=(e=s[r]).getAttribute(\"data-secret\"))||(t=Math.random().toString(36).substring(2,12),e.src+=\"#?secret=\"+t,e.setAttribute(\"data-secret\",t)),e.contentWindow.postMessage({message:\"ready\",secret:t},\"*\")},!1)))}(window,document);;\n\/**\n* Note: This file may contain artifacts of previous malicious infection.\n* However, the dangerous code has been removed, and the file is now safe to use.\n*\/\n;\n<\/script>\n","thumbnail_url":"https:\/\/vortice.rocks\/clientes\/tierraviva\/wp-content\/uploads\/2023\/08\/20230809_103319-scaled.jpg","thumbnail_width":2560,"thumbnail_height":1708,"description":"En el D\u00eda Internacional de los Pueblos Ind\u00edgenas denuncian irregularidades en causas que afectan a Comunidades Este mi\u00e9rcoles 9 de agosto, en conmemoraci\u00f3n del D\u00eda Internacional de los Pueblos Ind\u00edgenas, integrantes de la Coordinadora de L\u00edderes Ind\u00edgenas del Bajo Chaco (CLIBCh) denunciaron ante el Ministerio P\u00fablico las irregularidades ocurridas en causas que afectan a ComunidadesSeguir leyendo"}