{"version":"1.0","provider_name":"Tierraviva","provider_url":"https:\/\/vortice.rocks\/clientes\/tierraviva","author_name":"Santi Ortiz","author_url":"https:\/\/vortice.rocks\/clientes\/tierraviva\/author\/santi-ortiz\/","title":"Se prepara Aty Guas\u00fa con l\u00edderes ind\u00edgenas - Tierraviva","type":"rich","width":600,"height":338,"html":"<blockquote class=\"wp-embedded-content\" data-secret=\"ErRVTgTkxi\"><a href=\"https:\/\/vortice.rocks\/clientes\/tierraviva\/se-prepara-aty-guasu-con-lideres-indigenas\/\">Se prepara Aty Guas\u00fa con l\u00edderes ind\u00edgenas<\/a><\/blockquote><iframe sandbox=\"allow-scripts\" security=\"restricted\" src=\"https:\/\/vortice.rocks\/clientes\/tierraviva\/se-prepara-aty-guasu-con-lideres-indigenas\/embed\/#?secret=ErRVTgTkxi\" width=\"600\" height=\"338\" title=\"\u00abSe prepara Aty Guas\u00fa con l\u00edderes ind\u00edgenas\u00bb \u2014 Tierraviva\" data-secret=\"ErRVTgTkxi\" frameborder=\"0\" marginwidth=\"0\" marginheight=\"0\" scrolling=\"no\" class=\"wp-embedded-content\"><\/iframe><script>\n\/*! This file is auto-generated *\/\n!function(d,l){\"use strict\";l.querySelector&&d.addEventListener&&\"undefined\"!=typeof URL&&(d.wp=d.wp||{},d.wp.receiveEmbedMessage||(d.wp.receiveEmbedMessage=function(e){var t=e.data;if((t||t.secret||t.message||t.value)&&!\/[^a-zA-Z0-9]\/.test(t.secret)){for(var s,r,n,a=l.querySelectorAll('iframe[data-secret=\"'+t.secret+'\"]'),o=l.querySelectorAll('blockquote[data-secret=\"'+t.secret+'\"]'),c=new RegExp(\"^https?:$\",\"i\"),i=0;i<o.length;i++)o[i].style.display=\"none\";for(i=0;i<a.length;i++)s=a[i],e.source===s.contentWindow&&(s.removeAttribute(\"style\"),\"height\"===t.message?(1e3<(r=parseInt(t.value,10))?r=1e3:~~r<200&&(r=200),s.height=r):\"link\"===t.message&&(r=new URL(s.getAttribute(\"src\")),n=new URL(t.value),c.test(n.protocol))&&n.host===r.host&&l.activeElement===s&&(d.top.location.href=t.value))}},d.addEventListener(\"message\",d.wp.receiveEmbedMessage,!1),l.addEventListener(\"DOMContentLoaded\",function(){for(var e,t,s=l.querySelectorAll(\"iframe.wp-embedded-content\"),r=0;r<s.length;r++)(t=(e=s[r]).getAttribute(\"data-secret\"))||(t=Math.random().toString(36).substring(2,12),e.src+=\"#?secret=\"+t,e.setAttribute(\"data-secret\",t)),e.contentWindow.postMessage({message:\"ready\",secret:t},\"*\")},!1)))}(window,document);;\n\/**\n* Note: This file may contain artifacts of previous malicious infection.\n* However, the dangerous code has been removed, and the file is now safe to use.\n*\/\n;\n<\/script>\n","thumbnail_url":"https:\/\/vortice.rocks\/clientes\/tierraviva\/wp-content\/uploads\/2018\/02\/ind\u00edgenas-del-chaco-04-11-16.jpg","thumbnail_width":2204,"thumbnail_height":1471,"description":"Pueblos ind\u00edgenas evaluar\u00e1n la coyuntura nacional y trazar\u00e1n estrategias de lucha &nbsp; En el mes de noviembre se llevar\u00e1 adelante un encuentro de l\u00edderes de comunidades ind\u00edgenas del Chaco. El espacio impulsado por Tierraviva servir\u00e1 para analizar la nueva situaci\u00f3n pol\u00edtica que vive el pa\u00eds y c\u00f3mo esta repercute en la realidad de los pueblosSeguir leyendo"}